{"id":2303,"date":"2019-09-09T15:55:07","date_gmt":"2019-09-09T12:55:07","guid":{"rendered":"https:\/\/www.kaasikkoolitus.eu\/web\/?page_id=2303"},"modified":"2020-01-23T12:34:33","modified_gmt":"2020-01-23T10:34:33","slug":"praktilise-suunitlusega-sisukas-koolitusprogramm-tookeskkonnaspetsialisti-padevuskoolitus","status":"publish","type":"page","link":"https:\/\/www.kaasikkoolitus.eu\/web\/praktilise-suunitlusega-sisukas-koolitusprogramm-tookeskkonnaspetsialisti-padevuskoolitus\/","title":{"rendered":"Praktilise suunitlusega sisukas koolitusprogramm \u201cT\u00f6\u00f6keskkonnaspetsialisti p\u00e4devuskoolitus\u201d"},"content":{"rendered":"<div data-animation=\"rubberBand\" data-icons-animation=\"no-animation\" data-overlay=\"on\" data-change-size=\"\" data-button-size=\"0.7\" style=\"font-size:0.7em!important;display:none;\" class=\"supsystic-social-sharing supsystic-social-sharing-package-flat supsystic-social-sharing-hide-on-homepage supsystic-social-sharing-spacing supsystic-social-sharing-content supsystic-social-sharing-content-align-right\" data-text=\"\"><a data-networks=\"[]\" class=\"social-sharing-button sharer-flat sharer-flat-1 counter-standard without-counter facebook\" target=\"_blank\" title=\"Facebook\" href=\"http:\/\/www.facebook.com\/sharer.php?u=https%3A%2F%2Fwww.kaasikkoolitus.eu%2Fweb%2Fpraktilise-suunitlusega-sisukas-koolitusprogramm-tookeskkonnaspetsialisti-padevuskoolitus%2F\" data-main-href=\"http:\/\/www.facebook.com\/sharer.php?u={url}\" data-nid=\"1\" data-name=\"\" data-pid=\"2\" data-post-id=\"2303\" data-url=\"https:\/\/www.kaasikkoolitus.eu\/web\/wp-admin\/admin-ajax.php\" rel=\"nofollow\" data-mailto=\"\"><i class=\"fa-ssbs fa-ssbs-fw fa-ssbs-facebook\"><\/i><div class=\"counter-wrap standard\"><span class=\"counter\">0<\/span><\/div><\/a><a data-networks=\"[]\" class=\"social-sharing-button sharer-flat sharer-flat-1 counter-standard without-counter print\" target=\"_blank\" title=\"Print\" href=\"#\" data-main-href=\"#\" data-nid=\"14\" data-name=\"\" data-pid=\"2\" data-post-id=\"2303\" data-url=\"https:\/\/www.kaasikkoolitus.eu\/web\/wp-admin\/admin-ajax.php\" rel=\"nofollow\" data-mailto=\"\"><i class=\"fa-ssbs fa-ssbs-fw fa-ssbs-print\"><\/i><div class=\"counter-wrap standard\"><span class=\"counter\">0<\/span><\/div><\/a><a data-networks=\"[]\" class=\"social-sharing-button sharer-flat sharer-flat-1 counter-standard without-counter mail\" target=\"_blank\" title=\"Mail\" href=\"#\" data-main-href=\"#\" data-nid=\"16\" data-name=\"\" data-pid=\"2\" data-post-id=\"2303\" data-url=\"https:\/\/www.kaasikkoolitus.eu\/web\/wp-admin\/admin-ajax.php\" rel=\"nofollow\" data-mailto=\"\"><i class=\"fa-ssbs fa-ssbs-fw fa-ssbs-envelope-o\"><\/i><div class=\"counter-wrap standard\"><span class=\"counter\">0<\/span><\/div><\/a><\/div><p>T\u00f6\u00f6tervishoiu- ja t\u00f6\u00f6ohutuse seaduse j\u00e4rgi peavad t\u00f6\u00f6andjad m\u00e4\u00e4rama ettev\u00f5ttes\/asutuses t\u00f6\u00f6keskkonnaspetsialisti. Kehtiva t\u00f6\u00f6tervishoiu- ja t\u00f6\u00f6ohutuse<strong><a href=\"https:\/\/www.riigiteataja.ee\/akt\/126062018014?leiaKehtiv\">\u00a0seaduse<\/a><\/strong>\u00a0kohaselt on t\u00f6\u00f6keskkonnaspetsialist t\u00f6\u00f6keskkonna alal p\u00e4dev insener v\u00f5i muu t\u00f6\u00f6keskkonna\u00f5petust saanud spetsialist ettev\u00f5ttes, keda t\u00f6\u00f6andja on volitanud t\u00e4itma t\u00f6\u00f6tervishoiu- ja t\u00f6\u00f6ohutusalaseid \u00fclesandeid.<\/p>\n<p>Oleme\u00a0koostanud\u00a0<strong>t\u00f6\u00f6keskkonnaspetsialistidele<\/strong>\u00a0ja\u00a0<strong>t\u00f6\u00f6keskkonnajuhtidele<\/strong>\u00a0praktilise suunitlusega sisuka koolitusprogrammi\u00a0<strong>\u201cT\u00f6\u00f6keskkonnaspetsialisti p\u00e4devuskoolitus\u201d<\/strong>, mis annab oskusi ja vilumust oma ettev\u00f5ttes\/asutuses t\u00f6\u00f6keskkonnaalast t\u00f6\u00f6d paremini ja tulemuslikumalt korraldada.<br \/>\nProgrammi lahutamatuks osaks\u00a0erinevates ettev\u00f5tetes kasutust leidnud<br \/>\n<strong>praktiliste kogemuste edastamine ning osalejate omavaheline\u00a0kogemuste vahetamine.<\/strong><\/p>\n<p><strong><em><u>Lektoriteks on oma ala parimad:\u00a0<\/u><\/em><\/strong><\/p>\n<ul>\n<li><strong>Karin Reinhold<\/strong>, PhD, Taltech, Majandusteaduskond, \u00c4rikorralduse instituut, dotsent<\/li>\n<li><strong>Marina J\u00e4rvis<\/strong>, PhD, Taltech, Majandusteaduskond, \u00c4rikorralduse instituut, dotsent<\/li>\n<li><strong>Priit Siitan<\/strong>, Tallinna Tehnikak\u00f5rgkool, t\u00f6\u00f6tervishoiu- ja t\u00f6\u00f6ohutuse lektor<\/li>\n<li><strong>Tiiu Tamm<\/strong>, Tallinna Tehnikak\u00f5rgkool ja EKA, valgustustehnika lektor; Tiiu Tamm Insenerib\u00fcroo\u00a0O\u00dc<\/li>\n<li><strong>Priit Lattik<\/strong>, t\u00f6\u00f6r\u00f5ivastuse ja isikukaitsevahendite spetsialist<\/li>\n<li><strong>Krista Silbaum<\/strong>, RA Koolitused t\u00f6\u00f6ohutuskonsultant, t\u00f6\u00f6tervishoiu- ja t\u00f6\u00f6ohutuse lektor<\/li>\n<\/ul>\n<p><strong><em><u>Koolitusel k\u00e4sitletavad teemad:<\/u><\/em><\/strong><\/p>\n<p><strong>I KOOLITUSP\u00c4EV 14.04.2020<\/strong><\/p>\n<ul>\n<li>Sissejuhatus kursusesse. T\u00f6\u00f6keskkonnaspetsialisti roll ja \u00fclesanded; Eesti t\u00f6\u00f6tervishoiu ja t\u00f6\u00f6ohutuse korralduse \u00f5iguslik raamistik\u00a04 akadeemilist tundi<\/li>\n<li>T\u00f6\u00f6tervishoiu- ja t\u00f6\u00f6ohutusalase t\u00f6\u00f6 korraldus riigi ja ettev\u00f5tte tasandil. T\u00f6\u00f6tervishoiu- ja t\u00f6\u00f6ohutuse seadusest ja selle rakendusaktidest tulenevad n\u00f5uded\u00a04 akadeemilist tundi<\/li>\n<\/ul>\n<p><strong>II KOOLITUSP\u00c4EV 15.04.2020<\/strong><\/p>\n<ul>\n<li>T\u00f6\u00f6tajate juhendamine ja v\u00e4lja\u00f5pe 4 akadeemilist tundi<\/li>\n<li>T\u00f6\u00f6keskkonna riskianal\u00fc\u00fcsi l\u00e4biviimine, (iseseisev t\u00f6\u00f6)\u00a04 akadeemilist tundi<\/li>\n<\/ul>\n<p><strong>III KOOLITUSP\u00c4EV 16.04.2020<\/strong><\/p>\n<ul>\n<li>T\u00f6\u00f6ohutusalase dokumentatsiooni koostamine ja haldamine\u00a04 akadeemilist tundi<\/li>\n<li>Ohum\u00e4rguanded t\u00f6\u00f6keskkonnas\u00a02 akadeemilist tundi<\/li>\n<li>Isikukaitsevahendite valiku ja kasutamise n\u00f5uded\u00a02 akadeemilist tundi<\/li>\n<\/ul>\n<p><strong>IV KOOLITUSP\u00c4EV 21.04.2020<\/strong><\/p>\n<ul>\n<li>F\u00fcsioloogiliste ohutegurite olemus ja kaardistamine t\u00f6\u00f6keskkonnas: f\u00fc\u00fcsilise t\u00f6\u00f6 koormus, raskuste k\u00e4sitsi teisaldamine, t\u00f6\u00f6koha ergonoomia; n\u00f5uded kuvariga t\u00f6\u00f6tamisele, sundasendid, sundliigutused (iseseisev t\u00f6\u00f6)\u00a04 akadeemilist tundi<\/li>\n<li>F\u00fc\u00fcsikaliste ohutegurite olemus ja kaardistamine t\u00f6\u00f6keskkonnas: m\u00fcra, vibratsioon, elektromagnetv\u00e4ljad, kiirgused\u00a04 akadeemilist tundi<\/li>\n<\/ul>\n<p><strong>V KOOLITUSP\u00c4EV 22.04.2020<\/strong><\/p>\n<ul>\n<li>Keemiliste ja bioloogiliste ohutegurite olemus ja kaardistamine t\u00f6\u00f6keskkonnas (iseseisev t\u00f6\u00f6)\u00a08 akadeemilist tundi<\/li>\n<\/ul>\n<p><strong>VI KOOLITUSP\u00c4EV 23.04.2020<\/strong><\/p>\n<ul>\n<li>F\u00fc\u00fcsikalised ohutegurid: N\u00f5uded t\u00f6\u00f6koha valgustatusele, ohutegurite kaardistamine\u00a04 akadeemilist tundi<\/li>\n<li>F\u00fc\u00fcsikalised ohutegurid: N\u00f5uded sisekliima parameetritele, ohutegurite kaardistamine\u00a04 akadeemilist tundi<\/li>\n<\/ul>\n<p><strong>VII KOOLITUSP\u00c4EV 28.04.2020<\/strong><\/p>\n<ul>\n<li>Ps\u00fchhosotsiaalsete ohutegurite olemus ja kaardistamine t\u00f6\u00f6keskkonnas sh t\u00f6\u00f6kiusamise ennetamine\u00a0<sup>6 akadeemilist tundi<\/sup><\/li>\n<li>Ohutuskultuur Eesti ettev\u00f5tetes. Kuidas v\u00e4\u00e4rtused juhivad meie k\u00e4itumist?\u00a02 akadeemilist tundi<\/li>\n<\/ul>\n<p><strong>VIII KOOLITUSP\u00c4EV 29.02.2020<\/strong><\/p>\n<ul>\n<li>Esmaabi korraldus ettev\u00f5ttes\u00a02 akadeemilist tundi<\/li>\n<li>T\u00f6\u00f6tajate tervisekontrolli korraldus, \u00fclevaade kutsehaigustest\u00a02 akadeemilist tundi<\/li>\n<li>T\u00f6\u00f6andja vastutus t\u00f6\u00f6taja tervisele p\u00f5hjustatud kahju eest\u00a04 akadeemilist tundi<\/li>\n<\/ul>\n<p><strong>IX KOOLITUSP\u00c4EV 30.04.2020<\/strong><\/p>\n<ul>\n<li>T\u00f6\u00f6\u00f5nnetuste ja kutsehaiguste uurimine ja dokumenteerimine\u00a04 akadeemilist tundi<\/li>\n<li>T\u00f6\u00f6keskkonna sisekontrolli korraldus\u00a02 akadeemilist tundi<\/li>\n<li>T\u00f6\u00f6keskkonnaspetsialistide teadmiste kontroll\u00a02 akadeemilist tundi<\/li>\n<\/ul>\n<p>&nbsp;<\/p>\n<p><strong><em><u>P\u00e4devuskoolituse eesm\u00e4rgid:<\/u><\/em><\/strong><\/p>\n<ol>\n<li>Anda osalejatele praktilisi ja igap\u00e4evaseks t\u00f6\u00f6ks vajalikke teadmisi ning oskusi, mis v\u00f5imaldaksid t\u00f6\u00f6keskkonna-alast t\u00f6\u00f6d hinnata, anal\u00fc\u00fcsida ja parendada;<\/li>\n<li>Anda edasi erinevate ettev\u00f5tete kogemusi t\u00f6\u00f6ohutusalase t\u00f6\u00f6 korraldamisel;<\/li>\n<li>V\u00f5imaldada arutelude ja r\u00fchmat\u00f6\u00f6de k\u00e4igus vahetada omavahelisi praktilisi kogemusi<\/li>\n<\/ol>\n<p>&nbsp;<\/p>\n<p><strong><em><u>Koolituse tulemusena koolitusel osaleja:<\/u><\/em><\/strong><\/p>\n<ol>\n<li>Teab, millistest allikatest otsida t\u00e4iendavat t\u00f6\u00f6keskkonna-alast teavet, tunneb t\u00f6\u00f6keskkonnaalaste \u00f5igusaktide n\u00f5udeid;<\/li>\n<li>Oskab n\u00f5uetekohaselt koostada ja hallata vajalikku t\u00f6\u00f6keskkonnaalast dokumentatsiooni;<\/li>\n<li>Saab tervikliku \u00fclevaate t\u00f6\u00f6keskkonnas esineda v\u00f5ivatest ohuteguritest ja nende m\u00f5just tervisele, oskab kavandada ja korraldada abin\u00f5usid riskide ennetamiseks ja v\u00e4hendamiseks;<\/li>\n<li>Saab \u00fclevaate olemasolevatest isikukaitsevahenditest, nende valiku alustest ja kasutusn\u00f5uetest;<\/li>\n<li>Saab \u00fclevaate ohutusm\u00e4rgistuse vajadusest ning n\u00f5uetest ohutusm\u00e4rgistuse valikul ja paigaldamisel;<\/li>\n<li>Oskab riskianal\u00fc\u00fcsi alusel otsustada tervisekontrolli vajadust, oskab korraldada esmaabi t\u00f6\u00f6kohal;<\/li>\n<li>Teab, milliseid \u00f5nnetusjuhtumeid tuleb menetleda t\u00f6\u00f6\u00f5nnetustena, oskab l\u00e4bi viia t\u00f6\u00f6\u00f5nnetuse ja kutsehaiguse t\u00f6\u00f6andja-poolseid uurimistoiminguid ning oskab planeerida ja ellu viia sarnaste juhtumite v\u00e4ltimiseks vajalikke tegevusi;<\/li>\n<li>Saab aru riskianal\u00fc\u00fcsi ja sisekontrolli vajalikkusest ja olemusest, saab \u00fclevaate enamlevinud metoodikatest ja n\u00f5uetest riskianal\u00fc\u00fcsi l\u00e4biviimisel t\u00f6\u00f6keskkonnas<\/li>\n<\/ol>\n<p>&nbsp;<\/p>\n<p><strong>Koolituse sihtgrupp:<\/strong><br \/>\nT\u00f6\u00f6keskkonnaspetsialisti p\u00e4devuskoolitus on m\u00f5eldud ettev\u00f5tetes-asutustes m\u00e4\u00e4ratud t\u00f6\u00f6keskkonnaspetsialistidele ja t\u00f6\u00f6keskkonnaspetsialisti \u00fclesandeid t\u00e4itvatele t\u00f6\u00f6andjatele, juhtidele ja spetsialistidele.<\/p>\n<p><strong>Koolituse moderaator:<\/strong><br \/>\nKrista Silbaum, RA Koolitused juhataja ja t\u00f6\u00f6ohutusvaldkonna lektor; t\u00f6\u00f6keskkonnaspetsialist, t\u00f6\u00f6tanud kvaliteedi- ja keskkonnajuhi-, t\u00f6\u00f6keskkonnajuhi- ja t\u00f6\u00f6keskkonnaspetsialistina erinevates valdkondades (keemiat\u00f6\u00f6stus, ehitus, puidut\u00f6\u00f6stus, toiduainetet\u00f6\u00f6stus, omandanud lisaks praktilisi kogemusi t\u00f6\u00f6keskkonnaalaste teenuste pakkumise raames (t\u00f6\u00f6keskkonnaspetsialisti teenus, riskianal\u00fc\u00fcside l\u00e4biviimine) mitmetes erinevates ettev\u00f5tetes nii ehitusvaldkonnas, metallit\u00f6\u00f6stuses kui ka kaubanduses. Tegev t\u00f6\u00f6ohutusteemade lektorina RA Koolituste t\u00f6\u00f6ohutusalastel koolitustel, samuti Tallinna Tehnikak\u00f5rgkoolis ja Kaasik Koolitused O\u00dc-s.<\/p>\n<p><strong>Lektorid:<br \/>\n<\/strong>Krista Silbaum, Priit Siitan, Marina J\u00e4rvis, Karin Reinhold, Tiiu Tamm, Priit Lattik<\/p>\n<p><strong>Koolituse toimumise koht:<\/strong><br \/>\nV\u00e4ike-Paala 1, Tallinn, V korrus<\/p>\n<p><strong>Parkimine:<\/strong><strong><br \/>\n<\/strong><strong>TASUTA<\/strong>\u00a0maja ees v\u00f5i k\u00f5rval\u00a0<u>(liikuge maja k\u00f5rvale vasakult poolt hoonet, keelum\u00e4rgi alt l\u00e4bi)<\/u>. Vabade parkimiskohtade puudumisel on v\u00f5imalik parkida ka hoone taga\u00a0<u>(liikuge maja taha paremalt poolt hoonet ning s\u00f5itke OTSE edasi kuni t\u00f5kkepuuni)<\/u>\u00a0suures tasulises parklas, kus p\u00e4evahind on 2.70 eurot.<\/p>\n<p><strong>T\u00c4HELEPANU! Maja all olevasse siseparklasse (t\u00f5kkepuuga) palume mitte siseneda!<\/strong><br \/>\n<strong>\u00dchistranspordi kasutajatele:<br \/>\n<\/strong>Meie juurde Peterburi teel asuvasse V\u00e4ike-Paala peatusse s\u00f5idavad bussid nr 12, 54 ja 55 ning tramm nr \u00a02. Trammiga nr. 4 (Tondi-\u00dclemiste jaam) saab Majaka t\u00e4nava otsa, peatusesse Majaka p\u00f5ik, sealt on meie juurde m\u00f6\u00f6da Peterburi teed jalgsi k\u00f5ndida ca 700 m (10 min). Bussi- ja trammipeatused asuvad kohe meie maja k\u00f5rval.<\/p>\n<p><strong>Koolituse kestus:<\/strong><br \/>\nIgal koolitusp\u00e4eval algusega kell 09.00 kuni 16.00<\/p>\n<p><strong>Koolituse maksumus:<br \/>\n<\/strong><strong>Koolituse tavahind: 1100 \u20ac + km\/osaleja<\/strong><strong><br \/>\n<\/strong>(sisaldab loenguid k\u00f5igil \u00fcheksal koolitusp\u00e4eval, koolitusmaterjale, mis saadetakse koolitusp\u00e4evale eelneval\u00a0p\u00e4eval osaleja e-postile, kahte kohvipausi koos suupistetega ja l\u00f5unas\u00f6\u00f6ki igal koolitusp\u00e4eval, tunnistust koos esmaabiplakati ning sooduskupongiga).<\/p>\n<p><strong>Registreerudes ainult \u00fchele koolitusp\u00e4evale on hind 155+km (hinnas on kohvipausid ja soe l\u00f5una)<\/strong><strong><em><u>\u00a0<\/u><\/em><\/strong><\/p>\n<p><strong><em><u>Soodustused:<\/u><\/em><\/strong><\/p>\n<ul>\n<li><strong>KOGU KOOLITUSE (k\u00f5ik IX koolitusp\u00e4eva) <\/strong><strong>EARLY BIRD (registreerudes enne 01.03.20): <\/strong><strong>950 \u20ac + km\/osaleja<\/strong><\/li>\n<\/ul>\n<p><strong>Koolitusp\u00e4eva ajakava:<\/strong><\/p>\n<p><strong>09.00-10.30<\/strong>\u00a0Loeng<br \/>\n<strong>10.30-10.45<\/strong>\u00a0Kohvipaus<br \/>\n<strong>10.45-12.15<\/strong>\u00a0Loeng<br \/>\n<strong>12.15-12.45<\/strong>\u00a0L\u00f5una<br \/>\n<strong>12.45-14.15<\/strong>\u00a0Loeng<br \/>\n<strong>14.15-14.30<\/strong>\u00a0Kohvipaus<br \/>\n<strong>14.30-16.00<\/strong>\u00a0Loeng<\/p>\n","protected":false},"excerpt":{"rendered":"<div data-animation=\"rubberBand\" data-icons-animation=\"no-animation\" data-overlay=\"on\" data-change-size=\"\" data-button-size=\"0.7\" style=\"font-size:0.7em!important;display:none;\" class=\"supsystic-social-sharing supsystic-social-sharing-package-flat supsystic-social-sharing-hide-on-homepage supsystic-social-sharing-spacing supsystic-social-sharing-content supsystic-social-sharing-content-align-right\" data-text=\"\"><a data-networks=\"[]\" class=\"social-sharing-button sharer-flat sharer-flat-1 counter-standard without-counter facebook\" target=\"_blank\" title=\"Facebook\" href=\"http:\/\/www.facebook.com\/sharer.php?u=https%3A%2F%2Fwww.kaasikkoolitus.eu%2Fweb%2Fpraktilise-suunitlusega-sisukas-koolitusprogramm-tookeskkonnaspetsialisti-padevuskoolitus%2F\" data-main-href=\"http:\/\/www.facebook.com\/sharer.php?u={url}\" data-nid=\"1\" data-name=\"\" data-pid=\"2\" data-post-id=\"2303\" data-url=\"https:\/\/www.kaasikkoolitus.eu\/web\/wp-admin\/admin-ajax.php\" rel=\"nofollow\" data-mailto=\"\"><i class=\"fa-ssbs fa-ssbs-fw fa-ssbs-facebook\"><\/i><div class=\"counter-wrap standard\"><span class=\"counter\">0<\/span><\/div><\/a><a data-networks=\"[]\" class=\"social-sharing-button sharer-flat sharer-flat-1 counter-standard without-counter print\" target=\"_blank\" title=\"Print\" href=\"#\" data-main-href=\"#\" data-nid=\"14\" data-name=\"\" data-pid=\"2\" data-post-id=\"2303\" data-url=\"https:\/\/www.kaasikkoolitus.eu\/web\/wp-admin\/admin-ajax.php\" rel=\"nofollow\" data-mailto=\"\"><i class=\"fa-ssbs fa-ssbs-fw fa-ssbs-print\"><\/i><div class=\"counter-wrap standard\"><span class=\"counter\">0<\/span><\/div><\/a><a data-networks=\"[]\" class=\"social-sharing-button sharer-flat sharer-flat-1 counter-standard without-counter mail\" target=\"_blank\" title=\"Mail\" href=\"#\" data-main-href=\"#\" data-nid=\"16\" data-name=\"\" data-pid=\"2\" data-post-id=\"2303\" data-url=\"https:\/\/www.kaasikkoolitus.eu\/web\/wp-admin\/admin-ajax.php\" rel=\"nofollow\" data-mailto=\"\"><i class=\"fa-ssbs fa-ssbs-fw fa-ssbs-envelope-o\"><\/i><div class=\"counter-wrap standard\"><span class=\"counter\">0<\/span><\/div><\/a><\/div><p>T\u00f6\u00f6tervishoiu- ja t\u00f6\u00f6ohutuse seaduse j\u00e4rgi peavad t\u00f6\u00f6andjad m\u00e4\u00e4rama ettev\u00f5ttes\/asutuses t\u00f6\u00f6keskkonnaspetsialisti. Kehtiva t\u00f6\u00f6tervishoiu- ja t\u00f6\u00f6ohutuse\u00a0seaduse\u00a0kohaselt on t\u00f6\u00f6keskkonnaspetsialist t\u00f6\u00f6keskkonna alal p\u00e4dev insener v\u00f5i muu t\u00f6\u00f6keskkonna\u00f5petust saanud spetsialist ettev\u00f5ttes, keda t\u00f6\u00f6andja on volitanud t\u00e4itma t\u00f6\u00f6tervishoiu- ja t\u00f6\u00f6ohutusalaseid \u00fclesandeid. Oleme\u00a0koostanud\u00a0t\u00f6\u00f6keskkonnaspetsialistidele\u00a0ja\u00a0t\u00f6\u00f6keskkonnajuhtidele\u00a0praktilise suunitlusega sisuka koolitusprogrammi\u00a0\u201cT\u00f6\u00f6keskkonnaspetsialisti p\u00e4devuskoolitus\u201d, mis annab oskusi ja vilumust oma ettev\u00f5ttes\/asutuses t\u00f6\u00f6keskkonnaalast t\u00f6\u00f6d paremini ja tulemuslikumalt korraldada. Programmi lahutamatuks [&hellip;]<\/p>\n","protected":false},"author":1,"featured_media":0,"parent":0,"menu_order":0,"comment_status":"closed","ping_status":"closed","template":"","meta":{"om_disable_all_campaigns":false,"_monsterinsights_skip_tracking":false,"_monsterinsights_sitenote_active":false,"_monsterinsights_sitenote_note":"","_monsterinsights_sitenote_category":0,"jetpack_post_was_ever_published":false,"footnotes":""},"jetpack_sharing_enabled":true,"jetpack_shortlink":"https:\/\/wp.me\/P8vvDu-B9","jetpack-related-posts":[],"_links":{"self":[{"href":"https:\/\/www.kaasikkoolitus.eu\/web\/wp-json\/wp\/v2\/pages\/2303"}],"collection":[{"href":"https:\/\/www.kaasikkoolitus.eu\/web\/wp-json\/wp\/v2\/pages"}],"about":[{"href":"https:\/\/www.kaasikkoolitus.eu\/web\/wp-json\/wp\/v2\/types\/page"}],"author":[{"embeddable":true,"href":"https:\/\/www.kaasikkoolitus.eu\/web\/wp-json\/wp\/v2\/users\/1"}],"replies":[{"embeddable":true,"href":"https:\/\/www.kaasikkoolitus.eu\/web\/wp-json\/wp\/v2\/comments?post=2303"}],"version-history":[{"count":5,"href":"https:\/\/www.kaasikkoolitus.eu\/web\/wp-json\/wp\/v2\/pages\/2303\/revisions"}],"predecessor-version":[{"id":2570,"href":"https:\/\/www.kaasikkoolitus.eu\/web\/wp-json\/wp\/v2\/pages\/2303\/revisions\/2570"}],"wp:attachment":[{"href":"https:\/\/www.kaasikkoolitus.eu\/web\/wp-json\/wp\/v2\/media?parent=2303"}],"curies":[{"name":"wp","href":"https:\/\/api.w.org\/{rel}","templated":true}]}}